{"id":7659,"date":"2025-03-26T19:24:52","date_gmt":"2025-03-26T22:24:52","guid":{"rendered":"https:\/\/jredd.to.gov.br\/socio-environmental-safeguards\/"},"modified":"2025-07-09T13:57:29","modified_gmt":"2025-07-09T16:57:29","slug":"socio-environmental-safeguards","status":"publish","type":"page","link":"https:\/\/jredd.to.gov.br\/en\/socio-environmental-safeguards\/","title":{"rendered":"Socio-Environmental Safeguards"},"content":{"rendered":"\t\t<div data-elementor-type=\"wp-page\" data-elementor-id=\"7659\" class=\"elementor elementor-7659 elementor-746\" data-elementor-post-type=\"page\">\n\t\t\t\t<div class=\"elementor-element elementor-element-c163f7c e-flex e-con-boxed e-con e-parent\" data-id=\"c163f7c\" data-element_type=\"container\" data-e-type=\"container\">\n\t\t\t\t\t<div class=\"e-con-inner\">\n\t\t\t\t<div class=\"elementor-element elementor-element-ba870e6 elementor-widget elementor-widget-heading\" data-id=\"ba870e6\" data-element_type=\"widget\" data-e-type=\"widget\" data-widget_type=\"heading.default\">\n\t\t\t\t<div class=\"elementor-widget-container\">\n\t\t\t\t\t<h2 class=\"elementor-heading-title elementor-size-default\">Socio-Environmental Safeguards\n<\/h2>\t\t\t\t<\/div>\n\t\t\t\t<\/div>\n\t\t\t\t\t<\/div>\n\t\t\t\t<\/div>\n\t\t<div class=\"elementor-element elementor-element-32cef5d e-flex e-con-boxed e-con e-parent\" data-id=\"32cef5d\" data-element_type=\"container\" data-e-type=\"container\">\n\t\t\t\t\t<div class=\"e-con-inner\">\n\t\t<div class=\"elementor-element elementor-element-38c648d e-con-full e-flex e-con e-child\" data-id=\"38c648d\" data-element_type=\"container\" data-e-type=\"container\">\n\t\t\t\t<div class=\"elementor-element elementor-element-c546923 elementor-widget elementor-widget-text-editor\" data-id=\"c546923\" data-element_type=\"widget\" data-e-type=\"widget\" data-widget_type=\"text-editor.default\">\n\t\t\t\t<div class=\"elementor-widget-container\">\n\t\t\t\t\t\t\t\t\t<p><span style=\"font-weight: 400;\">The Cancun Safeguards, also known as socio-environmental safeguards, were established during the 16th Conference of the Parties (COP16) of the United Nations Framework Convention on Climate Change (UNFCCC) in 2010, aiming to ensure that REDD+ activities are implemented by countries in an environmentally sustainable and socially fair manner<\/span><\/p><p><span style=\"font-weight: 400;\">These safeguards apply to the Tocantins Jurisdictional REDD+ Program, and establish principles that must be followed to ensure that the program promotes biodiversity conservation, respects the rights of indigenous peoples and local communities, and avoids unintended negative impacts.<\/span><\/p>\t\t\t\t\t\t\t\t<\/div>\n\t\t\t\t<\/div>\n\t\t\t\t<\/div>\n\t\t<div class=\"elementor-element elementor-element-a61e5be e-con-full e-flex e-con e-child\" data-id=\"a61e5be\" data-element_type=\"container\" data-e-type=\"container\" data-settings=\"{&quot;background_background&quot;:&quot;classic&quot;}\">\n\t\t\t\t<\/div>\n\t\t\t\t\t<\/div>\n\t\t\t\t<\/div>\n\t\t<div class=\"elementor-element elementor-element-f991eaf e-flex e-con-boxed e-con e-parent\" data-id=\"f991eaf\" data-element_type=\"container\" data-e-type=\"container\">\n\t\t\t\t\t<div class=\"e-con-inner\">\n\t\t\t\t<div class=\"elementor-element elementor-element-94663a2 elementor-widget elementor-widget-heading\" data-id=\"94663a2\" data-element_type=\"widget\" data-e-type=\"widget\" data-widget_type=\"heading.default\">\n\t\t\t\t<div class=\"elementor-widget-container\">\n\t\t\t\t\t<h2 class=\"elementor-heading-title elementor-size-default\">The 7 Cancun Safeguards require:\n<\/h2>\t\t\t\t<\/div>\n\t\t\t\t<\/div>\n\t\t\t\t\t<\/div>\n\t\t\t\t<\/div>\n\t\t<div class=\"elementor-element elementor-element-7cf9dc7 e-flex e-con-boxed e-con e-parent\" data-id=\"7cf9dc7\" data-element_type=\"container\" data-e-type=\"container\">\n\t\t\t\t\t<div class=\"e-con-inner\">\n\t\t<div class=\"elementor-element elementor-element-f13b178 e-con-full e-flex e-con e-child\" data-id=\"f13b178\" data-element_type=\"container\" data-e-type=\"container\" data-settings=\"{&quot;background_background&quot;:&quot;classic&quot;}\">\n\t\t\t\t<div class=\"elementor-element elementor-element-b33ea7f elementor-widget elementor-widget-heading\" data-id=\"b33ea7f\" data-element_type=\"widget\" data-e-type=\"widget\" data-widget_type=\"heading.default\">\n\t\t\t\t<div class=\"elementor-widget-container\">\n\t\t\t\t\t<h2 class=\"elementor-heading-title elementor-size-default\">Consistency with the Objectives of National and International Forestry Programs\n<\/h2>\t\t\t\t<\/div>\n\t\t\t\t<\/div>\n\t\t\t\t<div class=\"elementor-element elementor-element-942927f elementor-widget elementor-widget-text-editor\" data-id=\"942927f\" data-element_type=\"widget\" data-e-type=\"widget\" data-widget_type=\"text-editor.default\">\n\t\t\t\t<div class=\"elementor-widget-container\">\n\t\t\t\t\t\t\t\t\t<p><span style=\"font-weight: 400;\">REDD+ actions should be complementary or consistent with the objectives of relevant national and international forestry programs. In Tocantins, these actions should reinforce existing legal and institutional frameworks, without contradicting them. For example, REDD+ actions in the state should comply with Brazilian environmental legislation, such as the Forest Code and the Law on the National System of Conservation Units.<\/span><\/p>\t\t\t\t\t\t\t\t<\/div>\n\t\t\t\t<\/div>\n\t\t\t\t<\/div>\n\t\t<div class=\"elementor-element elementor-element-d27ca8f e-con-full e-flex e-con e-child\" data-id=\"d27ca8f\" data-element_type=\"container\" data-e-type=\"container\" data-settings=\"{&quot;background_background&quot;:&quot;classic&quot;}\">\n\t\t\t\t<div class=\"elementor-element elementor-element-6672ebd elementor-widget elementor-widget-heading\" data-id=\"6672ebd\" data-element_type=\"widget\" data-e-type=\"widget\" data-widget_type=\"heading.default\">\n\t\t\t\t<div class=\"elementor-widget-container\">\n\t\t\t\t\t<h2 class=\"elementor-heading-title elementor-size-default\">Transparent and Effective Forest Governance\n<\/h2>\t\t\t\t<\/div>\n\t\t\t\t<\/div>\n\t\t\t\t<div class=\"elementor-element elementor-element-09ad738 elementor-widget elementor-widget-text-editor\" data-id=\"09ad738\" data-element_type=\"widget\" data-e-type=\"widget\" data-widget_type=\"text-editor.default\">\n\t\t\t\t<div class=\"elementor-widget-container\">\n\t\t\t\t\t\t\t\t\t<p><span style=\"font-weight: 400;\">The governance structures of the Jurisdictional Program must be transparent and effective, ensuring the public\u2019s right to access information. This means that program beneficiaries and the general public must have easy access to program-related information, presented in clear and accessible language.<\/span><\/p>\t\t\t\t\t\t\t\t<\/div>\n\t\t\t\t<\/div>\n\t\t\t\t<\/div>\n\t\t<div class=\"elementor-element elementor-element-c380657 e-con-full e-flex e-con e-child\" data-id=\"c380657\" data-element_type=\"container\" data-e-type=\"container\" data-settings=\"{&quot;background_background&quot;:&quot;classic&quot;}\">\n\t\t\t\t<div class=\"elementor-element elementor-element-e339909 elementor-widget elementor-widget-heading\" data-id=\"e339909\" data-element_type=\"widget\" data-e-type=\"widget\" data-widget_type=\"heading.default\">\n\t\t\t\t<div class=\"elementor-widget-container\">\n\t\t\t\t\t<h2 class=\"elementor-heading-title elementor-size-default\">Respect for the Knowledge and Rights of Indigenous Peoples and Traditional Communities\n<\/h2>\t\t\t\t<\/div>\n\t\t\t\t<\/div>\n\t\t\t\t<div class=\"elementor-element elementor-element-68c241d elementor-widget elementor-widget-text-editor\" data-id=\"68c241d\" data-element_type=\"widget\" data-e-type=\"widget\" data-widget_type=\"text-editor.default\">\n\t\t\t\t<div class=\"elementor-widget-container\">\n\t\t\t\t\t\t\t\t\t<p>The Program\u2019s REDD+ actions must promote, recognize and respect the constitutional, legal and customary rights associated with land tenure, formal allocation of occupied lands, self-determination and sustainable use of natural resources by Indigenous peoples, quilombolas, traditional peoples and communities, and family farmers (PIQPCTAFs). In addition, the program must promote the protagonism of these populations.<\/p>\t\t\t\t\t\t\t\t<\/div>\n\t\t\t\t<\/div>\n\t\t\t\t<\/div>\n\t\t<div class=\"elementor-element elementor-element-95d3933 e-con-full e-flex e-con e-child\" data-id=\"95d3933\" data-element_type=\"container\" data-e-type=\"container\" data-settings=\"{&quot;background_background&quot;:&quot;classic&quot;}\">\n\t\t\t\t<div class=\"elementor-element elementor-element-be25773 elementor-widget elementor-widget-heading\" data-id=\"be25773\" data-element_type=\"widget\" data-e-type=\"widget\" data-widget_type=\"heading.default\">\n\t\t\t\t<div class=\"elementor-widget-container\">\n\t\t\t\t\t<h2 class=\"elementor-heading-title elementor-size-default\">Full and Effective Participation of Stakeholders\n<\/h2>\t\t\t\t<\/div>\n\t\t\t\t<\/div>\n\t\t\t\t<div class=\"elementor-element elementor-element-060ec2e elementor-widget elementor-widget-text-editor\" data-id=\"060ec2e\" data-element_type=\"widget\" data-e-type=\"widget\" data-widget_type=\"text-editor.default\">\n\t\t\t\t<div class=\"elementor-widget-container\">\n\t\t\t\t\t\t\t\t\t<p><span style=\"font-weight: 400;\">Adequate conditions for stakeholder participation should be ensured during the formulation and implementation of the Jurisdictional Programme. For example, public consultations and participatory hearings should be conducted so that PIQPCTAFs and other relevant stakeholders can contribute to the formulation of the Programme\u2019s policies and strategies. Stakeholders should also participate in deliberative councils and forums, ensuring that different perspectives are considered in the governance of the Jurisdictional Programme.<\/span><\/p>\t\t\t\t\t\t\t\t<\/div>\n\t\t\t\t<\/div>\n\t\t\t\t<\/div>\n\t\t\t\t\t<\/div>\n\t\t\t\t<\/div>\n\t\t<div class=\"elementor-element elementor-element-10d39aa e-flex e-con-boxed e-con e-parent\" data-id=\"10d39aa\" data-element_type=\"container\" data-e-type=\"container\">\n\t\t\t\t\t<div class=\"e-con-inner\">\n\t\t<div class=\"elementor-element elementor-element-d4ef1d5 e-con-full e-flex e-con e-child\" data-id=\"d4ef1d5\" data-element_type=\"container\" data-e-type=\"container\" data-settings=\"{&quot;background_background&quot;:&quot;classic&quot;}\">\n\t\t\t\t<div class=\"elementor-element elementor-element-0a85daa elementor-widget elementor-widget-heading\" data-id=\"0a85daa\" data-element_type=\"widget\" data-e-type=\"widget\" data-widget_type=\"heading.default\">\n\t\t\t\t<div class=\"elementor-widget-container\">\n\t\t\t\t\t<h2 class=\"elementor-heading-title elementor-size-default\">Promoting the Conservation of Natural Forests and Biological Diversity\n<\/h2>\t\t\t\t<\/div>\n\t\t\t\t<\/div>\n\t\t\t\t<div class=\"elementor-element elementor-element-e42dcc5 elementor-widget elementor-widget-text-editor\" data-id=\"e42dcc5\" data-element_type=\"widget\" data-e-type=\"widget\" data-widget_type=\"text-editor.default\">\n\t\t\t\t<div class=\"elementor-widget-container\">\n\t\t\t\t\t\t\t\t\t<p><span style=\"font-weight: 400;\">The Program\u2019s REDD+ actions must be compatible with the conservation of natural forests and the protection of biological diversity. This means that initiatives must not result in the conversion of natural forests to other land uses. For example, the Program must promote the conservation of existing forests, avoiding their replacement by monocultures.<\/span><\/p>\t\t\t\t\t\t\t\t<\/div>\n\t\t\t\t<\/div>\n\t\t\t\t<\/div>\n\t\t<div class=\"elementor-element elementor-element-829bc2c e-con-full e-flex e-con e-child\" data-id=\"829bc2c\" data-element_type=\"container\" data-e-type=\"container\" data-settings=\"{&quot;background_background&quot;:&quot;classic&quot;}\">\n\t\t\t\t<div class=\"elementor-element elementor-element-6f74f21 elementor-widget elementor-widget-heading\" data-id=\"6f74f21\" data-element_type=\"widget\" data-e-type=\"widget\" data-widget_type=\"heading.default\">\n\t\t\t\t<div class=\"elementor-widget-container\">\n\t\t\t\t\t<h2 class=\"elementor-heading-title elementor-size-default\">Minimizing Reversal Risks\n<\/h2>\t\t\t\t<\/div>\n\t\t\t\t<\/div>\n\t\t\t\t<div class=\"elementor-element elementor-element-a70f43f elementor-widget elementor-widget-text-editor\" data-id=\"a70f43f\" data-element_type=\"widget\" data-e-type=\"widget\" data-widget_type=\"text-editor.default\">\n\t\t\t\t<div class=\"elementor-widget-container\">\n\t\t\t\t\t\t\t\t\t<p><span style=\"font-weight: 400;\">The Program\u2019s REDD+ actions must mitigate the risks of reversal of the results achieved. Reversal occurs when, after a period of reduction, GHG emissions increase due to a new expansion of deforestation and\/or degradation. An effective approach to avoid this regression requires a long-term commitment by the State to conservation, as well as strategic planning that considers the environmental, social and economic challenges behind the dynamics of deforestation and forest degradation.<\/span><\/p>\t\t\t\t\t\t\t\t<\/div>\n\t\t\t\t<\/div>\n\t\t\t\t<\/div>\n\t\t<div class=\"elementor-element elementor-element-1d039dc e-con-full e-flex e-con e-child\" data-id=\"1d039dc\" data-element_type=\"container\" data-e-type=\"container\" data-settings=\"{&quot;background_background&quot;:&quot;classic&quot;}\">\n\t\t\t\t<div class=\"elementor-element elementor-element-800b2d1 elementor-widget elementor-widget-heading\" data-id=\"800b2d1\" data-element_type=\"widget\" data-e-type=\"widget\" data-widget_type=\"heading.default\">\n\t\t\t\t<div class=\"elementor-widget-container\">\n\t\t\t\t\t<h2 class=\"elementor-heading-title elementor-size-default\">Preventing Emissions Shifting\n<\/h2>\t\t\t\t<\/div>\n\t\t\t\t<\/div>\n\t\t\t\t<div class=\"elementor-element elementor-element-7d62e67 elementor-widget elementor-widget-text-editor\" data-id=\"7d62e67\" data-element_type=\"widget\" data-e-type=\"widget\" data-widget_type=\"text-editor.default\">\n\t\t\t\t<div class=\"elementor-widget-container\">\n\t\t\t\t\t\t\t\t\t<p><span style=\"font-weight: 400;\">The program must avoid the displacement of carbon emissions to other areas. Often, reducing deforestation or degradation in one area can increase pressure on the forest in another nearby region not covered by the Program, a phenomenon known as emissions displacement. To avoid this effect, REDD+ activities must adopt integrated territorial planning across the entire state territory, with continuous monitoring of forest cover and strengthening of governance structures.<\/span><\/p>\t\t\t\t\t\t\t\t<\/div>\n\t\t\t\t<\/div>\n\t\t\t\t<\/div>\n\t\t<div class=\"elementor-element elementor-element-87ec096 e-con-full e-flex e-con e-child\" data-id=\"87ec096\" data-element_type=\"container\" data-e-type=\"container\">\n\t\t\t\t<div class=\"elementor-element elementor-element-910db93 elementor-widget elementor-widget-text-editor\" data-id=\"910db93\" data-element_type=\"widget\" data-e-type=\"widget\" data-widget_type=\"text-editor.default\">\n\t\t\t\t<div class=\"elementor-widget-container\">\n\t\t\t\t\t\t\t\t\t<p><span style=\"font-weight: 400;\">Learn more <br \/><\/span><span style=\"font-weight: 400;\">about how <br \/>safeguards <br \/>are being <br \/>met by the <br \/>Tocantins <br \/>REDD+ <br \/>Jurisdictional <br \/>Program\u00a0<\/span><\/p>\t\t\t\t\t\t\t\t<\/div>\n\t\t\t\t<\/div>\n\t\t\t\t<div class=\"elementor-element elementor-element-ad38c3f elementor-widget elementor-widget-button\" data-id=\"ad38c3f\" data-element_type=\"widget\" data-e-type=\"widget\" data-widget_type=\"button.default\">\n\t\t\t\t<div class=\"elementor-widget-container\">\n\t\t\t\t\t\t\t\t\t<div class=\"elementor-button-wrapper\">\n\t\t\t\t\t<a class=\"elementor-button elementor-button-link elementor-size-sm\" href=\"https:\/\/jredd.to.gov.br\/en\/library\/\">\n\t\t\t\t\t\t<span class=\"elementor-button-content-wrapper\">\n\t\t\t\t\t\t\t\t\t<span class=\"elementor-button-text\">Learn more <\/span>\n\t\t\t\t\t<\/span>\n\t\t\t\t\t<\/a>\n\t\t\t\t<\/div>\n\t\t\t\t\t\t\t\t<\/div>\n\t\t\t\t<\/div>\n\t\t\t\t<\/div>\n\t\t\t\t\t<\/div>\n\t\t\t\t<\/div>\n\t\t<div class=\"elementor-element elementor-element-ed6f9d2 e-flex e-con-boxed e-con e-parent\" data-id=\"ed6f9d2\" data-element_type=\"container\" data-e-type=\"container\" data-settings=\"{&quot;background_background&quot;:&quot;classic&quot;}\">\n\t\t\t\t\t<div class=\"e-con-inner\">\n\t\t<div class=\"elementor-element elementor-element-70e7d04 e-con-full e-flex e-con e-child\" data-id=\"70e7d04\" data-element_type=\"container\" data-e-type=\"container\">\n\t\t\t\t<div class=\"elementor-element elementor-element-f0607ed elementor-widget elementor-widget-heading\" data-id=\"f0607ed\" data-element_type=\"widget\" data-e-type=\"widget\" data-widget_type=\"heading.default\">\n\t\t\t\t<div class=\"elementor-widget-container\">\n\t\t\t\t\t<h2 class=\"elementor-heading-title elementor-size-default\">Stakeholder Participation\n<\/h2>\t\t\t\t<\/div>\n\t\t\t\t<\/div>\n\t\t\t\t<\/div>\n\t\t<div class=\"elementor-element elementor-element-bb20157 e-con-full e-grid e-con e-child\" data-id=\"bb20157\" data-element_type=\"container\" data-e-type=\"container\">\n\t\t\t\t<div class=\"elementor-element elementor-element-d09fdb4 elementor-widget elementor-widget-text-editor\" data-id=\"d09fdb4\" data-element_type=\"widget\" data-e-type=\"widget\" data-widget_type=\"text-editor.default\">\n\t\t\t\t<div class=\"elementor-widget-container\">\n\t\t\t\t\t\t\t\t\t<p><span style=\"font-weight: 400;\">The participation of interested parties in the design and implementation of the Tocantins Jurisdictional REDD+ Program has been promoted by the State since before the publication of the PEPSA Law, when engagement began with various groups and sectors to formally identify those most pertinent to the Program. From this initial engagement, stakeholder participation became continuous and took place\/occurred in the<\/span><\/p>\t\t\t\t\t\t\t\t<\/div>\n\t\t\t\t<\/div>\n\t\t\t\t<div class=\"elementor-element elementor-element-21267f6 elementor-widget elementor-widget-text-editor\" data-id=\"21267f6\" data-element_type=\"widget\" data-e-type=\"widget\" data-widget_type=\"text-editor.default\">\n\t\t\t\t<div class=\"elementor-widget-container\">\n\t\t\t\t\t\t\t\t\t<p><a href=\"https:\/\/jredd.to.gov.br\/en\/governance\/\"><b>Program\u2019s various governance spaces<\/b><\/a><span style=\"font-weight: 400;\">. Furthermore, the State deepened the involvement and participation of these groups in the design and implementation of the Program, adopting an action<\/span> plan specific to the agricultural sector (small, medium and large rural producers), and another for indigenous peoples, quilombolas, traditional peoples and communities, and family farmers (PIQPCTAFs).<\/p>\t\t\t\t\t\t\t\t<\/div>\n\t\t\t\t<\/div>\n\t\t\t\t<\/div>\n\t\t\t\t<div class=\"elementor-element elementor-element-b77e62c elementor-widget elementor-widget-image\" data-id=\"b77e62c\" data-element_type=\"widget\" data-e-type=\"widget\" data-widget_type=\"image.default\">\n\t\t\t\t<div class=\"elementor-widget-container\">\n\t\t\t\t\t\t\t\t\t\t\t\t\t\t\t<img fetchpriority=\"high\" decoding=\"async\" width=\"768\" height=\"238\" src=\"https:\/\/jredd.to.gov.br\/wp-content\/uploads\/2025\/07\/PIQPCTAF-Photoroom-1.png\" class=\"attachment-medium_large size-medium_large wp-image-8588\" alt=\"\" srcset=\"https:\/\/jredd.to.gov.br\/wp-content\/uploads\/2025\/07\/PIQPCTAF-Photoroom-1.png 768w, https:\/\/jredd.to.gov.br\/wp-content\/uploads\/2025\/07\/PIQPCTAF-Photoroom-1-300x93.png 300w\" sizes=\"(max-width: 768px) 100vw, 768px\" \/>\t\t\t\t\t\t\t\t\t\t\t\t\t\t\t<\/div>\n\t\t\t\t<\/div>\n\t\t<div class=\"elementor-element elementor-element-2b03378 e-con-full e-flex e-con e-child\" data-id=\"2b03378\" data-element_type=\"container\" data-e-type=\"container\">\n\t\t<div class=\"elementor-element elementor-element-cf3e3e3 e-con-full e-flex e-con e-child\" data-id=\"cf3e3e3\" data-element_type=\"container\" data-e-type=\"container\">\n\t\t\t\t<div class=\"elementor-element elementor-element-14979ab elementor-widget elementor-widget-text-editor\" data-id=\"14979ab\" data-element_type=\"widget\" data-e-type=\"widget\" data-widget_type=\"text-editor.default\">\n\t\t\t\t<div class=\"elementor-widget-container\">\n\t\t\t\t\t\t\t\t\t<p><span style=\"font-weight: 400;\">The activities planned for both lines of action in reference to the first crediting period of the Program (2020 to 2024) will continue in 2025 with:<\/span><\/p>\t\t\t\t\t\t\t\t<\/div>\n\t\t\t\t<\/div>\n\t\t\t\t<div class=\"elementor-element elementor-element-1e3400a elementor-widget elementor-widget-text-editor\" data-id=\"1e3400a\" data-element_type=\"widget\" data-e-type=\"widget\" data-widget_type=\"text-editor.default\">\n\t\t\t\t<div class=\"elementor-widget-container\">\n\t\t\t\t\t\t\t\t\t<p><b>Online public consultation:<\/b><\/p><p><span style=\"font-weight: 400;\">The proposed benefit sharing strategies and their subprograms will be published on the SEMARH website, with the aim of gathering public feedback on the proposed designs;<\/span><\/p>\t\t\t\t\t\t\t\t<\/div>\n\t\t\t\t<\/div>\n\t\t\t\t<div class=\"elementor-element elementor-element-ef5ab23 elementor-widget elementor-widget-text-editor\" data-id=\"ef5ab23\" data-element_type=\"widget\" data-e-type=\"widget\" data-widget_type=\"text-editor.default\">\n\t\t\t\t<div class=\"elementor-widget-container\">\n\t\t\t\t\t\t\t\t\t<p><b>In-person public hearing:<\/b><\/p><p><span style=\"font-weight: 400;\">At this event, representatives chosen by each group will act as delegates for their groups to discuss and finalize the benefit sharing strategy of the Tocantins Jurisdictional REDD+ Program.<\/span><\/p>\t\t\t\t\t\t\t\t<\/div>\n\t\t\t\t<\/div>\n\t\t\t\t<\/div>\n\t\t<div class=\"elementor-element elementor-element-d83909c e-con-full e-flex e-con e-child\" data-id=\"d83909c\" data-element_type=\"container\" data-e-type=\"container\" data-settings=\"{&quot;background_background&quot;:&quot;classic&quot;}\">\n\t\t\t\t<\/div>\n\t\t\t\t<\/div>\n\t\t\t\t\t<\/div>\n\t\t\t\t<\/div>\n\t\t<div class=\"elementor-element elementor-element-88d296f e-flex e-con-boxed e-con e-parent\" data-id=\"88d296f\" data-element_type=\"container\" data-e-type=\"container\">\n\t\t\t\t\t<div class=\"e-con-inner\">\n\t\t\t\t<div class=\"elementor-element elementor-element-3c369d4 elementor-widget elementor-widget-heading\" data-id=\"3c369d4\" data-element_type=\"widget\" data-e-type=\"widget\" data-widget_type=\"heading.default\">\n\t\t\t\t<div class=\"elementor-widget-container\">\n\t\t\t\t\t<h2 class=\"elementor-heading-title elementor-size-default\">Engagement with small, medium <br>and large rural producers\n<\/h2>\t\t\t\t<\/div>\n\t\t\t\t<\/div>\n\t\t\t\t\t<\/div>\n\t\t\t\t<\/div>\n\t\t<div class=\"elementor-element elementor-element-6cda245 e-grid e-con-boxed e-con e-parent\" data-id=\"6cda245\" data-element_type=\"container\" data-e-type=\"container\">\n\t\t\t\t\t<div class=\"e-con-inner\">\n\t\t\t\t<div class=\"elementor-element elementor-element-d9197d9 elementor-widget elementor-widget-text-editor\" data-id=\"d9197d9\" data-element_type=\"widget\" data-e-type=\"widget\" data-widget_type=\"text-editor.default\">\n\t\t\t\t<div class=\"elementor-widget-container\">\n\t\t\t\t\t\t\t\t\t<p><span style=\"font-weight: 400;\">The State has been working with the agricultural sector in partnership with the <\/span><a href=\"https:\/\/earthinnovation.org\/#cookie_setting\"><b>Earth Innovation Institute (EII)<\/b><\/a><span style=\"font-weight: 400;\"> to clarify aspects of the REDD+ Jurisdictional Program and to gather contributions for the design of the Rural Producer Incentive Subprogram, which will benefit the sector with part of the resources from the sale of jurisdictional carbon credits. In 2024, the Program was promoted through participation in events with rural producers.<\/span><\/p>\t\t\t\t\t\t\t\t<\/div>\n\t\t\t\t<\/div>\n\t\t\t\t<div class=\"elementor-element elementor-element-0551636 elementor-widget elementor-widget-text-editor\" data-id=\"0551636\" data-element_type=\"widget\" data-e-type=\"widget\" data-widget_type=\"text-editor.default\">\n\t\t\t\t<div class=\"elementor-widget-container\">\n\t\t\t\t\t\t\t\t\t<p><span style=\"font-weight: 400;\">Additionally, information was collected through interviews and questionnaires with representatives of the sector and carried out during rural services, field days and meetings with Rural Unions from several municipalities in the State. Technical and Management Assistance (ATEG) technicians from the National Rural Learning Service (SENAR) were also trained, providing knowledge about the Jurisdictional Program to be passed on to rural producers served by the service.<\/span><\/p>\t\t\t\t\t\t\t\t<\/div>\n\t\t\t\t<\/div>\n\t\t\t\t\t<\/div>\n\t\t\t\t<\/div>\n\t\t<div class=\"elementor-element elementor-element-b337e7c e-flex e-con-boxed e-con e-parent\" data-id=\"b337e7c\" data-element_type=\"container\" data-e-type=\"container\" data-settings=\"{&quot;background_background&quot;:&quot;classic&quot;}\">\n\t\t\t\t\t<div class=\"e-con-inner\">\n\t\t<div class=\"elementor-element elementor-element-0f91bfd e-con-full e-flex e-con e-child\" data-id=\"0f91bfd\" data-element_type=\"container\" data-e-type=\"container\">\n\t\t\t\t<div class=\"elementor-element elementor-element-165e675 elementor-widget elementor-widget-heading\" data-id=\"165e675\" data-element_type=\"widget\" data-e-type=\"widget\" data-widget_type=\"heading.default\">\n\t\t\t\t<div class=\"elementor-widget-container\">\n\t\t\t\t\t<h2 class=\"elementor-heading-title elementor-size-default\">Free, Prior and Informed Consultations<br> with PIQPCTAFs\n<\/h2>\t\t\t\t<\/div>\n\t\t\t\t<\/div>\n\t\t\t\t<\/div>\n\t\t\t\t<div class=\"elementor-element elementor-element-ff52c96 elementor-widget elementor-widget-image\" data-id=\"ff52c96\" data-element_type=\"widget\" data-e-type=\"widget\" data-widget_type=\"image.default\">\n\t\t\t\t<div class=\"elementor-widget-container\">\n\t\t\t\t\t\t\t\t\t\t\t\t\t\t\t<img decoding=\"async\" width=\"1280\" height=\"502\" src=\"https:\/\/jredd.to.gov.br\/wp-content\/uploads\/2025\/07\/INDIGENOUS-PEOPLE-Photoroom-1.png\" class=\"attachment-full size-full wp-image-8597\" alt=\"\" srcset=\"https:\/\/jredd.to.gov.br\/wp-content\/uploads\/2025\/07\/INDIGENOUS-PEOPLE-Photoroom-1.png 1280w, https:\/\/jredd.to.gov.br\/wp-content\/uploads\/2025\/07\/INDIGENOUS-PEOPLE-Photoroom-1-300x118.png 300w, https:\/\/jredd.to.gov.br\/wp-content\/uploads\/2025\/07\/INDIGENOUS-PEOPLE-Photoroom-1-1024x402.png 1024w, https:\/\/jredd.to.gov.br\/wp-content\/uploads\/2025\/07\/INDIGENOUS-PEOPLE-Photoroom-1-768x301.png 768w\" sizes=\"(max-width: 1280px) 100vw, 1280px\" \/>\t\t\t\t\t\t\t\t\t\t\t\t\t\t\t<\/div>\n\t\t\t\t<\/div>\n\t\t\t\t<div class=\"elementor-element elementor-element-325d62a elementor-widget elementor-widget-text-editor\" data-id=\"325d62a\" data-element_type=\"widget\" data-e-type=\"widget\" data-widget_type=\"text-editor.default\">\n\t\t\t\t<div class=\"elementor-widget-container\">\n\t\t\t\t\t\t\t\t\t<p><span style=\"font-weight: 400;\">*estimate for the states of Maranh\u00e3o, Piau\u00ed, Tocantins and Par\u00e1<\/span><\/p>\t\t\t\t\t\t\t\t<\/div>\n\t\t\t\t<\/div>\n\t\t<div class=\"elementor-element elementor-element-1045cfd e-con-full e-grid e-con e-child\" data-id=\"1045cfd\" data-element_type=\"container\" data-e-type=\"container\">\n\t\t\t\t<div class=\"elementor-element elementor-element-4382275 elementor-widget elementor-widget-text-editor\" data-id=\"4382275\" data-element_type=\"widget\" data-e-type=\"widget\" data-widget_type=\"text-editor.default\">\n\t\t\t\t<div class=\"elementor-widget-container\">\n\t\t\t\t\t\t\t\t\t<p><span style=\"font-weight: 400;\">As the managing body of the program, the Secretariat of Environment and Water Resources of Tocantins officially initiated the FPIC process with the PIQPCTAFs during the 1st Jurisdictional REDD+ Forum of Tocantins with Indigenous Peoples, Traditional Peoples and Communities, and Family Farmers in October 2023.<\/span><\/p>\t\t\t\t\t\t\t\t<\/div>\n\t\t\t\t<\/div>\n\t\t\t\t<div class=\"elementor-element elementor-element-a55e1ab elementor-widget elementor-widget-text-editor\" data-id=\"a55e1ab\" data-element_type=\"widget\" data-e-type=\"widget\" data-widget_type=\"text-editor.default\">\n\t\t\t\t<div class=\"elementor-widget-container\">\n\t\t\t\t\t\t\t\t\t<p><span style=\"font-weight: 400;\">In 2024, the process advanced with the holding of eleven preliminary meetings with indigenous leaders and two with leaders of traditional communities, quilombolas and family farmers. In 2025, the process will continue with the holding of 48 Participatory Workshops in the territories.<\/span><\/p>\t\t\t\t\t\t\t\t<\/div>\n\t\t\t\t<\/div>\n\t\t\t\t<\/div>\n\t\t\t\t\t<\/div>\n\t\t\t\t<\/div>\n\t\t<div class=\"elementor-element elementor-element-6b9ba17 e-flex e-con-boxed e-con e-parent\" data-id=\"6b9ba17\" data-element_type=\"container\" data-e-type=\"container\">\n\t\t\t\t\t<div class=\"e-con-inner\">\n\t\t\t\t<div class=\"elementor-element elementor-element-604adb3 elementor-widget elementor-widget-heading\" data-id=\"604adb3\" data-element_type=\"widget\" data-e-type=\"widget\" data-widget_type=\"heading.default\">\n\t\t\t\t<div class=\"elementor-widget-container\">\n\t\t\t\t\t<h2 class=\"elementor-heading-title elementor-size-default\">1st REDD+ Jurisdictional Forum of Tocantins with Indigenous peoples, quilombolas, traditional peoples and communities, and family farmers<\/h2>\t\t\t\t<\/div>\n\t\t\t\t<\/div>\n\t\t\t\t\t<\/div>\n\t\t\t\t<\/div>\n\t\t<div class=\"elementor-element elementor-element-61fb56d e-grid e-con-boxed e-con e-parent\" data-id=\"61fb56d\" data-element_type=\"container\" data-e-type=\"container\">\n\t\t\t\t\t<div class=\"e-con-inner\">\n\t\t<div class=\"elementor-element elementor-element-becaf17 e-con-full e-flex e-con e-child\" data-id=\"becaf17\" data-element_type=\"container\" data-e-type=\"container\">\n\t\t\t\t<div class=\"elementor-element elementor-element-e6ac047 elementor-widget elementor-widget-text-editor\" data-id=\"e6ac047\" data-element_type=\"widget\" data-e-type=\"widget\" data-widget_type=\"text-editor.default\">\n\t\t\t\t<div class=\"elementor-widget-container\">\n\t\t\t\t\t\t\t\t\t<p><span style=\"font-weight: 400;\">In the context of the implementation of the State of Tocantins&#8217; Jurisdictional REDD+ Program, the Secretariat of the Environment and Water Resources held, on October 17 and 18, 2023, the 1st Tocantins Jurisdictional REDD+ Forum with Indigenous Peoples, Traditional Peoples and Communities and Family Farmers, with the participation of 300 people, including representatives of indigenous communities, quilombolas and family farmers, as well as decision-makers and technicians from federal, state and municipal government departments linked to the Jurisdictional REDD+ agenda.\u00a0<\/span><\/p>\t\t\t\t\t\t\t\t<\/div>\n\t\t\t\t<\/div>\n\t\t\t\t<div class=\"elementor-element elementor-element-a648966 elementor-widget elementor-widget-image\" data-id=\"a648966\" data-element_type=\"widget\" data-e-type=\"widget\" data-widget_type=\"image.default\">\n\t\t\t\t<div class=\"elementor-widget-container\">\n\t\t\t\t\t\t\t\t\t\t\t\t\t\t\t<img decoding=\"async\" width=\"800\" height=\"634\" src=\"https:\/\/jredd.to.gov.br\/wp-content\/uploads\/2025\/03\/Repeticao-de-grade-4.png\" class=\"attachment-large size-large wp-image-5954\" alt=\"\" srcset=\"https:\/\/jredd.to.gov.br\/wp-content\/uploads\/2025\/03\/Repeticao-de-grade-4.png 952w, https:\/\/jredd.to.gov.br\/wp-content\/uploads\/2025\/03\/Repeticao-de-grade-4-300x238.png 300w, https:\/\/jredd.to.gov.br\/wp-content\/uploads\/2025\/03\/Repeticao-de-grade-4-768x609.png 768w\" sizes=\"(max-width: 800px) 100vw, 800px\" \/>\t\t\t\t\t\t\t\t\t\t\t\t\t\t\t<\/div>\n\t\t\t\t<\/div>\n\t\t\t\t<\/div>\n\t\t<div class=\"elementor-element elementor-element-0a87cf2 e-con-full e-flex e-con e-child\" data-id=\"0a87cf2\" data-element_type=\"container\" data-e-type=\"container\">\n\t\t\t\t<div class=\"elementor-element elementor-element-7ff6209 elementor-widget elementor-widget-text-editor\" data-id=\"7ff6209\" data-element_type=\"widget\" data-e-type=\"widget\" data-widget_type=\"text-editor.default\">\n\t\t\t\t<div class=\"elementor-widget-container\">\n\t\t\t\t\t\t\t\t\t<p><b>The event had three main objectives:<\/b><\/p><ol><li aria-level=\"1\">Present the Jurisdictional Program for Indigenous peoples, quilombolas, traditional peoples and communities, and family farmers\u00a0(PIQPCTAFs) and local authorities.\u00a0<\/li><li style=\"font-weight: 400;\" aria-level=\"1\"><span style=\"font-weight: 400;\">Present the REDD+ experiences of other states and institutions to Tocantins<\/span><\/li><li style=\"font-weight: 400;\" aria-level=\"1\"><span style=\"font-weight: 400;\">Map and clarify doubts about jurisdictional REDD+ and gather suggestions for holding workshops in communities and public hearings<\/span><\/li><\/ol>\t\t\t\t\t\t\t\t<\/div>\n\t\t\t\t<\/div>\n\t\t\t\t<div class=\"elementor-element elementor-element-f268931 elementor-widget elementor-widget-text-editor\" data-id=\"f268931\" data-element_type=\"widget\" data-e-type=\"widget\" data-widget_type=\"text-editor.default\">\n\t\t\t\t<div class=\"elementor-widget-container\">\n\t\t\t\t\t\t\t\t\t<p><span style=\"font-weight: 400;\">During the forum, each group of PIQPCTAFs shared their proposals with SEMARH on how and when the Free, Prior and Informed Consultation (FPIC) process could be implemented in their territories, and offered initial perspectives on the sharing of benefits to which the resources from the sale of jurisdictional credits will be subject.<\/span><\/p>\t\t\t\t\t\t\t\t<\/div>\n\t\t\t\t<\/div>\n\t\t\t\t<div class=\"elementor-element elementor-element-50a74f8 elementor-widget elementor-widget-button\" data-id=\"50a74f8\" data-element_type=\"widget\" data-e-type=\"widget\" data-widget_type=\"button.default\">\n\t\t\t\t<div class=\"elementor-widget-container\">\n\t\t\t\t\t\t\t\t\t<div class=\"elementor-button-wrapper\">\n\t\t\t\t\t<a class=\"elementor-button elementor-button-link elementor-size-sm\" href=\"https:\/\/jredd.to.gov.br\/en\/library\/\">\n\t\t\t\t\t\t<span class=\"elementor-button-content-wrapper\">\n\t\t\t\t\t\t\t\t\t<span class=\"elementor-button-text\">Access the report <\/span>\n\t\t\t\t\t<\/span>\n\t\t\t\t\t<\/a>\n\t\t\t\t<\/div>\n\t\t\t\t\t\t\t\t<\/div>\n\t\t\t\t<\/div>\n\t\t\t\t<\/div>\n\t\t\t\t\t<\/div>\n\t\t\t\t<\/div>\n\t\t<div class=\"elementor-element elementor-element-8d190a4 e-flex e-con-boxed e-con e-parent\" data-id=\"8d190a4\" data-element_type=\"container\" data-e-type=\"container\" data-settings=\"{&quot;background_background&quot;:&quot;classic&quot;}\">\n\t\t\t\t\t<div class=\"e-con-inner\">\n\t\t<div class=\"elementor-element elementor-element-349d5d6 e-con-full e-flex e-con e-child\" data-id=\"349d5d6\" data-element_type=\"container\" data-e-type=\"container\">\n\t\t\t\t<div class=\"elementor-element elementor-element-ccf12ae elementor-widget elementor-widget-heading\" data-id=\"ccf12ae\" data-element_type=\"widget\" data-e-type=\"widget\" data-widget_type=\"heading.default\">\n\t\t\t\t<div class=\"elementor-widget-container\">\n\t\t\t\t\t<h2 class=\"elementor-heading-title elementor-size-default\">Preliminary Meetings: \n<\/h2>\t\t\t\t<\/div>\n\t\t\t\t<\/div>\n\t\t\t\t<\/div>\n\t\t<div class=\"elementor-element elementor-element-e5e2b7d e-con-full e-grid e-con e-child\" data-id=\"e5e2b7d\" data-element_type=\"container\" data-e-type=\"container\">\n\t\t<div class=\"elementor-element elementor-element-bb04d86 e-con-full e-flex e-con e-child\" data-id=\"bb04d86\" data-element_type=\"container\" data-e-type=\"container\">\n\t\t\t\t<div class=\"elementor-element elementor-element-c7e78d7 elementor-widget elementor-widget-text-editor\" data-id=\"c7e78d7\" data-element_type=\"widget\" data-e-type=\"widget\" data-widget_type=\"text-editor.default\">\n\t\t\t\t<div class=\"elementor-widget-container\">\n\t\t\t\t\t\t\t\t\t<p><span style=\"font-weight: 400;\">In 2024, nine preliminary meetings were held with indigenous leaders in their territories and two with leaders of traditional communities, quilombolas and family farmers in Palmas.<\/span><\/p><p><span style=\"font-weight: 400;\">The guiding objectives of the meetings were:\u00a0<\/span><\/p><ul><li style=\"font-weight: 400;\" aria-level=\"1\"><span style=\"font-weight: 400;\">To broaden, among the leaders and populations involved, the understanding of concepts applied to the Program;<\/span><\/li><li style=\"font-weight: 400;\" aria-level=\"1\"><span style=\"font-weight: 400;\">To detail the steps necessary for structuring the Program;<\/span><\/li><li style=\"font-weight: 400;\" aria-level=\"1\"><span style=\"font-weight: 400;\">To build, with the collaboration of the leaders and populations involved, a clear and objective roadmap for the participatory workshops and public consultations of the FPIC process;<\/span><\/li><li style=\"font-weight: 400;\" aria-level=\"1\"><span style=\"font-weight: 400;\">To promote dialogue to accommodate the demands, needs and possibilities of the PIQPCTAFs regarding the Program.<\/span><\/li><\/ul><p><span style=\"font-weight: 400;\"><br \/>Furthermore, the PIQPCTAFs&#8217; proposals for implementing the FPIC process, compiled during the 1st Tocantins Jurisdictional REDD+ Forum with PIQPCTAFs, were confirmed or changed to reflect the most current position of the peoples and communities.<\/span><\/p>\t\t\t\t\t\t\t\t<\/div>\n\t\t\t\t<\/div>\n\t\t\t\t<div class=\"elementor-element elementor-element-55f5f6a elementor-widget elementor-widget-button\" data-id=\"55f5f6a\" data-element_type=\"widget\" data-e-type=\"widget\" data-widget_type=\"button.default\">\n\t\t\t\t<div class=\"elementor-widget-container\">\n\t\t\t\t\t\t\t\t\t<div class=\"elementor-button-wrapper\">\n\t\t\t\t\t<a class=\"elementor-button elementor-button-link elementor-size-sm\" href=\"https:\/\/jredd.to.gov.br\/en\/library\/\">\n\t\t\t\t\t\t<span class=\"elementor-button-content-wrapper\">\n\t\t\t\t\t\t\t\t\t<span class=\"elementor-button-text\">Access the report<\/span>\n\t\t\t\t\t<\/span>\n\t\t\t\t\t<\/a>\n\t\t\t\t<\/div>\n\t\t\t\t\t\t\t\t<\/div>\n\t\t\t\t<\/div>\n\t\t\t\t<\/div>\n\t\t\t\t<div class=\"elementor-element elementor-element-91f23fb elementor-widget elementor-widget-html\" data-id=\"91f23fb\" data-element_type=\"widget\" data-e-type=\"widget\" data-widget_type=\"html.default\">\n\t\t\t\t<div class=\"elementor-widget-container\">\n\t\t\t\t\t<table class=\"tabela-reunioes\">\r\n    <thead>\r\n      <tr>\r\n        <th class=\"cabecalho-tabela\">MEETING<\/th>\r\n        <th class=\"cabecalho-tabela\">PEOPLE\/COMMUNITY<\/th>\r\n        <th class=\"cabecalho-tabela\">NUMBER OF PARTICIPANTS\r\n            <\/th>\r\n        <th class=\"cabecalho-tabela\">DATE<\/th>\r\n      <\/tr>\r\n    <\/thead>\r\n    <tbody>\r\n      <tr class=\"linha-par\"><td>01<\/td><td>Apinaj\u00e9<\/td><td>22<\/td><td>26\/09\/2024<\/td><\/tr>\r\n      <tr class=\"linha-impar\"><td>02<\/td><td>Karaj\u00e1-Xamboi\u00e1<\/td><td>16<\/td><td>28\/09\/2024<\/td><\/tr>\r\n      <tr class=\"linha-par\"><td>03<\/td><td>Tux\u00e1; Atkum; Pankararu<\/td><td>12<\/td><td>02\/10\/2024<\/td><\/tr>\r\n      <tr class=\"linha-impar\"><td>04<\/td><td>Aw\u00e1; Kanela; Krah\u00f4-Kanela; Krah\u00f4-Takagwar\u00e1<\/td><td>09<\/td><td>03\/10\/2024<\/td><\/tr>\r\n      <tr class=\"linha-par\"><td>05<\/td><td>Xerente<\/td><td>64<\/td><td>27\/10\/2024<\/td><\/tr>\r\n      <tr class=\"linha-impar\"><td>06<\/td><td>Kanela<\/td><td>06<\/td><td>28\/10\/2024<\/td><\/tr>\r\n      <tr class=\"linha-par\"><td>07<\/td><td>Java\u00e9<\/td><td>22<\/td><td>29\/10\/2024<\/td><\/tr>\r\n      <tr class=\"linha-impar\"><td>08<\/td><td>Karaj\u00e1 da Ilha<\/td><td>26<\/td><td>31\/10\/2024<\/td><\/tr>\r\n      <tr class=\"linha-par\"><td>09<\/td><td>Traditional Peoples and Communities: Agricultural Families<\/td><td>52<\/td><td>04\/11\/2024<\/td><\/tr>\r\n      <tr class=\"linha-impar\"><td>10<\/td><td>Traditional Peoples and Communities: Quilombola Communities<\/td><td>57<\/td><td>05\/11\/2024<\/td><\/tr>\r\n      <tr class=\"linha-par\"><td>11<\/td><td>Krah\u00f4<\/td><td>66<\/td><td>13\/11\/2024<\/td><\/tr>\r\n    <\/tbody>\r\n    <tfoot>\r\n      <tr class=\"rodape-tabela\">\r\n        <td colspan=\"2\">TOTAL<\/td>\r\n        <td>352<\/td>\r\n        <td><\/td>\r\n      <\/tr>\r\n    <\/tfoot>\r\n  <\/table>\t\t\t\t<\/div>\n\t\t\t\t<\/div>\n\t\t\t\t<\/div>\n\t\t\t\t\t<\/div>\n\t\t\t\t<\/div>\n\t\t<div class=\"elementor-element elementor-element-ead052a e-grid e-con-boxed e-con e-parent\" data-id=\"ead052a\" data-element_type=\"container\" data-e-type=\"container\">\n\t\t\t\t\t<div class=\"e-con-inner\">\n\t\t<div class=\"elementor-element elementor-element-04d7a60 e-con-full e-flex e-con e-child\" data-id=\"04d7a60\" data-element_type=\"container\" data-e-type=\"container\">\n\t\t<div class=\"elementor-element elementor-element-d5ba507 e-con-full e-flex e-con e-child\" data-id=\"d5ba507\" data-element_type=\"container\" data-e-type=\"container\">\n\t\t\t\t<div class=\"elementor-element elementor-element-2c7695f elementor-widget elementor-widget-heading\" data-id=\"2c7695f\" data-element_type=\"widget\" data-e-type=\"widget\" data-widget_type=\"heading.default\">\n\t\t\t\t<div class=\"elementor-widget-container\">\n\t\t\t\t\t<h2 class=\"elementor-heading-title elementor-size-default\">Participatory Workshops\n<\/h2>\t\t\t\t<\/div>\n\t\t\t\t<\/div>\n\t\t\t\t<div class=\"elementor-element elementor-element-7c25ab0 elementor-widget elementor-widget-text-editor\" data-id=\"7c25ab0\" data-element_type=\"widget\" data-e-type=\"widget\" data-widget_type=\"text-editor.default\">\n\t\t\t\t<div class=\"elementor-widget-container\">\n\t\t\t\t\t\t\t\t\t<p><span style=\"font-weight: 400;\">Based on the discussions that took place in the previous meetings, SEMARH and SEPOT prepared the design and a calendar for the 48 participatory workshops that will take place in the territories and will be part of the Free, Prior and Informed Consultation (FPIC) process of the Jurisdictional Program.<\/span><\/p><p><span style=\"font-weight: 400;\">These workshops will address the actions already implemented and others planned by the State to reduce deforestation and degradation. The Tocantins REDD+ Jurisdictional Program will be presented again, with information and updates on REDD+, as well as the proposal for sharing benefits, the Climate Fund and the procedures for accessing the Program&#8217;s benefits and governance structures.<\/span><\/p><p><span style=\"font-weight: 400;\">In addition, the PIQPCTAFs will be heard and suggestions, criticisms or concerns will be collected for improving the Program, especially the benefit sharing strategy and the design of subprograms that will bring investments and projects to support the sustainable development of communities.<\/span><\/p>\t\t\t\t\t\t\t\t<\/div>\n\t\t\t\t<\/div>\n\t\t\t\t<\/div>\n\t\t\t\t<\/div>\n\t\t\t\t<div class=\"elementor-element elementor-element-2b7a932 elementor-widget elementor-widget-image\" data-id=\"2b7a932\" data-element_type=\"widget\" data-e-type=\"widget\" data-widget_type=\"image.default\">\n\t\t\t\t<div class=\"elementor-widget-container\">\n\t\t\t\t\t\t\t\t\t\t\t\t\t\t\t<img loading=\"lazy\" decoding=\"async\" width=\"768\" height=\"698\" src=\"https:\/\/jredd.to.gov.br\/wp-content\/uploads\/2025\/03\/Kraho-Emerson-Silva4-768x698.png\" class=\"attachment-medium_large size-medium_large wp-image-5957\" alt=\"\" srcset=\"https:\/\/jredd.to.gov.br\/wp-content\/uploads\/2025\/03\/Kraho-Emerson-Silva4-768x698.png 768w, https:\/\/jredd.to.gov.br\/wp-content\/uploads\/2025\/03\/Kraho-Emerson-Silva4-300x273.png 300w, https:\/\/jredd.to.gov.br\/wp-content\/uploads\/2025\/03\/Kraho-Emerson-Silva4.png 952w\" sizes=\"(max-width: 768px) 100vw, 768px\" \/>\t\t\t\t\t\t\t\t\t\t\t\t\t\t\t<\/div>\n\t\t\t\t<\/div>\n\t\t\t\t\t<\/div>\n\t\t\t\t<\/div>\n\t\t<div class=\"elementor-element elementor-element-a654ee1 e-grid e-con-boxed e-con e-parent\" data-id=\"a654ee1\" data-element_type=\"container\" data-e-type=\"container\">\n\t\t\t\t\t<div class=\"e-con-inner\">\n\t\t\t\t<div class=\"elementor-element elementor-element-3f3fd37 elementor-widget elementor-widget-image\" data-id=\"3f3fd37\" data-element_type=\"widget\" data-e-type=\"widget\" data-widget_type=\"image.default\">\n\t\t\t\t<div class=\"elementor-widget-container\">\n\t\t\t\t\t\t\t\t\t\t\t\t\t\t\t<img loading=\"lazy\" decoding=\"async\" width=\"768\" height=\"447\" src=\"https:\/\/jredd.to.gov.br\/wp-content\/uploads\/2025\/03\/Kraho-Emerson-Silva5-768x447.png\" class=\"attachment-medium_large size-medium_large wp-image-5958\" alt=\"\" srcset=\"https:\/\/jredd.to.gov.br\/wp-content\/uploads\/2025\/03\/Kraho-Emerson-Silva5-768x447.png 768w, https:\/\/jredd.to.gov.br\/wp-content\/uploads\/2025\/03\/Kraho-Emerson-Silva5-300x174.png 300w, https:\/\/jredd.to.gov.br\/wp-content\/uploads\/2025\/03\/Kraho-Emerson-Silva5-1024x595.png 1024w, https:\/\/jredd.to.gov.br\/wp-content\/uploads\/2025\/03\/Kraho-Emerson-Silva5.png 1154w\" sizes=\"(max-width: 768px) 100vw, 768px\" \/>\t\t\t\t\t\t\t\t\t\t\t\t\t\t\t<\/div>\n\t\t\t\t<\/div>\n\t\t<div class=\"elementor-element elementor-element-a406a07 e-con-full e-flex e-con e-child\" data-id=\"a406a07\" data-element_type=\"container\" data-e-type=\"container\">\n\t\t\t\t<div class=\"elementor-element elementor-element-63460ff elementor-widget elementor-widget-text-editor\" data-id=\"63460ff\" data-element_type=\"widget\" data-e-type=\"widget\" data-widget_type=\"text-editor.default\">\n\t\t\t\t<div class=\"elementor-widget-container\">\n\t\t\t\t\t\t\t\t\t<p><b>The results of these workshops will be:\u00a0<\/b><\/p><ol><li style=\"font-weight: 400;\" aria-level=\"1\"><span style=\"font-weight: 400;\">A four-year investment plan to guide the PIQPCTAF Subprogram of the Program\u2019s benefit sharing strategy<\/span><\/li><li style=\"font-weight: 400;\" aria-level=\"1\"><span style=\"font-weight: 400;\">The selection of representatives from each group to represent their peers at the public hearing to be held in Palmas in 2025<\/span><\/li><\/ol>\t\t\t\t\t\t\t\t<\/div>\n\t\t\t\t<\/div>\n\t\t\t\t<div class=\"elementor-element elementor-element-0418e18 elementor-widget elementor-widget-text-editor\" data-id=\"0418e18\" data-element_type=\"widget\" data-e-type=\"widget\" data-widget_type=\"text-editor.default\">\n\t\t\t\t<div class=\"elementor-widget-container\">\n\t\t\t\t\t\t\t\t\t<p><a href=\"https:\/\/www.instagram.com\/reddmaistocantins\/\"><span style=\"font-weight: 400;\">Follow the participatory workshops on Instagram @reddmaistocantins<\/span><\/a><\/p>\t\t\t\t\t\t\t\t<\/div>\n\t\t\t\t<\/div>\n\t\t\t\t<\/div>\n\t\t\t\t\t<\/div>\n\t\t\t\t<\/div>\n\t\t\t\t<\/div>\n\t\t","protected":false},"excerpt":{"rendered":"<p>Socio-Environmental Safeguards The Cancun Safeguards, also known as socio-environmental safeguards, were established during the 16th Conference of the Parties (COP16) of the United Nations Framework Convention on Climate Change (UNFCCC) in 2010, aiming to ensure that REDD+ activities are implemented by countries in an environmentally sustainable and socially fair manner These safeguards apply to the [&hellip;]<\/p>\n","protected":false},"author":7,"featured_media":0,"parent":0,"menu_order":0,"comment_status":"closed","ping_status":"closed","template":"elementor_header_footer","meta":{"pgc_sgb_lightbox_settings":"","footnotes":""},"class_list":["post-7659","page","type-page","status-publish","hentry"],"yoast_head":"<!-- This site is optimized with the Yoast SEO plugin v27.4 - https:\/\/yoast.com\/product\/yoast-seo-wordpress\/ -->\n<title>Socio-Environmental Safeguards - REDD Jurisdicional Tocantins<\/title>\n<meta name=\"robots\" content=\"index, follow, max-snippet:-1, max-image-preview:large, max-video-preview:-1\" \/>\n<link rel=\"canonical\" href=\"https:\/\/jredd.to.gov.br\/en\/socio-environmental-safeguards\/\" \/>\n<meta property=\"og:locale\" content=\"en_US\" \/>\n<meta property=\"og:type\" content=\"article\" \/>\n<meta property=\"og:title\" content=\"Socio-Environmental Safeguards - REDD Jurisdicional Tocantins\" \/>\n<meta property=\"og:description\" content=\"Socio-Environmental Safeguards The Cancun Safeguards, also known as socio-environmental safeguards, were established during the 16th Conference of the Parties (COP16) of the United Nations Framework Convention on Climate Change (UNFCCC) in 2010, aiming to ensure that REDD+ activities are implemented by countries in an environmentally sustainable and socially fair manner These safeguards apply to the [&hellip;]\" \/>\n<meta property=\"og:url\" content=\"https:\/\/jredd.to.gov.br\/en\/socio-environmental-safeguards\/\" \/>\n<meta property=\"og:site_name\" content=\"REDD Jurisdicional Tocantins\" \/>\n<meta property=\"article:modified_time\" content=\"2025-07-09T16:57:29+00:00\" \/>\n<meta property=\"og:image\" content=\"https:\/\/jredd.to.gov.br\/wp-content\/uploads\/2025\/07\/PIQPCTAF-Photoroom-1.png\" \/>\n\t<meta property=\"og:image:width\" content=\"768\" \/>\n\t<meta property=\"og:image:height\" content=\"238\" \/>\n\t<meta property=\"og:image:type\" content=\"image\/png\" \/>\n<meta name=\"twitter:card\" content=\"summary_large_image\" \/>\n<meta name=\"twitter:label1\" content=\"Est. reading time\" \/>\n\t<meta name=\"twitter:data1\" content=\"9 minutes\" \/>\n<script type=\"application\/ld+json\" class=\"yoast-schema-graph\">{\"@context\":\"https:\\\/\\\/schema.org\",\"@graph\":[{\"@type\":\"WebPage\",\"@id\":\"https:\\\/\\\/jredd.to.gov.br\\\/en\\\/socio-environmental-safeguards\\\/\",\"url\":\"https:\\\/\\\/jredd.to.gov.br\\\/en\\\/socio-environmental-safeguards\\\/\",\"name\":\"Socio-Environmental Safeguards - REDD Jurisdicional Tocantins\",\"isPartOf\":{\"@id\":\"https:\\\/\\\/jredd.to.gov.br\\\/en\\\/#website\"},\"primaryImageOfPage\":{\"@id\":\"https:\\\/\\\/jredd.to.gov.br\\\/en\\\/socio-environmental-safeguards\\\/#primaryimage\"},\"image\":{\"@id\":\"https:\\\/\\\/jredd.to.gov.br\\\/en\\\/socio-environmental-safeguards\\\/#primaryimage\"},\"thumbnailUrl\":\"https:\\\/\\\/jredd.to.gov.br\\\/wp-content\\\/uploads\\\/2025\\\/07\\\/PIQPCTAF-Photoroom-1.png\",\"datePublished\":\"2025-03-26T22:24:52+00:00\",\"dateModified\":\"2025-07-09T16:57:29+00:00\",\"breadcrumb\":{\"@id\":\"https:\\\/\\\/jredd.to.gov.br\\\/en\\\/socio-environmental-safeguards\\\/#breadcrumb\"},\"inLanguage\":\"en-US\",\"potentialAction\":[{\"@type\":\"ReadAction\",\"target\":[\"https:\\\/\\\/jredd.to.gov.br\\\/en\\\/socio-environmental-safeguards\\\/\"]}]},{\"@type\":\"ImageObject\",\"inLanguage\":\"en-US\",\"@id\":\"https:\\\/\\\/jredd.to.gov.br\\\/en\\\/socio-environmental-safeguards\\\/#primaryimage\",\"url\":\"https:\\\/\\\/jredd.to.gov.br\\\/wp-content\\\/uploads\\\/2025\\\/07\\\/PIQPCTAF-Photoroom-1.png\",\"contentUrl\":\"https:\\\/\\\/jredd.to.gov.br\\\/wp-content\\\/uploads\\\/2025\\\/07\\\/PIQPCTAF-Photoroom-1.png\"},{\"@type\":\"BreadcrumbList\",\"@id\":\"https:\\\/\\\/jredd.to.gov.br\\\/en\\\/socio-environmental-safeguards\\\/#breadcrumb\",\"itemListElement\":[{\"@type\":\"ListItem\",\"position\":1,\"name\":\"In\u00edcio\",\"item\":\"https:\\\/\\\/jredd.to.gov.br\\\/en\\\/\"},{\"@type\":\"ListItem\",\"position\":2,\"name\":\"Socio-Environmental Safeguards\"}]},{\"@type\":\"WebSite\",\"@id\":\"https:\\\/\\\/jredd.to.gov.br\\\/en\\\/#website\",\"url\":\"https:\\\/\\\/jredd.to.gov.br\\\/en\\\/\",\"name\":\"REDD+ Jurisdicional Tocantins\",\"description\":\"\",\"publisher\":{\"@id\":\"https:\\\/\\\/jredd.to.gov.br\\\/en\\\/#organization\"},\"potentialAction\":[{\"@type\":\"SearchAction\",\"target\":{\"@type\":\"EntryPoint\",\"urlTemplate\":\"https:\\\/\\\/jredd.to.gov.br\\\/en\\\/?s={search_term_string}\"},\"query-input\":{\"@type\":\"PropertyValueSpecification\",\"valueRequired\":true,\"valueName\":\"search_term_string\"}}],\"inLanguage\":\"en-US\"},{\"@type\":\"Organization\",\"@id\":\"https:\\\/\\\/jredd.to.gov.br\\\/en\\\/#organization\",\"name\":\"REDD Jurisdicional Tocantins\",\"url\":\"https:\\\/\\\/jredd.to.gov.br\\\/en\\\/\",\"logo\":{\"@type\":\"ImageObject\",\"inLanguage\":\"en-US\",\"@id\":\"https:\\\/\\\/jredd.to.gov.br\\\/en\\\/#\\\/schema\\\/logo\\\/image\\\/\",\"url\":\"https:\\\/\\\/jredd.to.gov.br\\\/wp-content\\\/uploads\\\/2023\\\/11\\\/cropped-cropped-Asset-5REDD-LOGO-e1701270549508.png\",\"contentUrl\":\"https:\\\/\\\/jredd.to.gov.br\\\/wp-content\\\/uploads\\\/2023\\\/11\\\/cropped-cropped-Asset-5REDD-LOGO-e1701270549508.png\",\"width\":500,\"height\":188,\"caption\":\"REDD Jurisdicional Tocantins\"},\"image\":{\"@id\":\"https:\\\/\\\/jredd.to.gov.br\\\/en\\\/#\\\/schema\\\/logo\\\/image\\\/\"},\"sameAs\":[\"https:\\\/\\\/www.instagram.com\\\/reddmaistocantins\\\/\",\"https:\\\/\\\/www.youtube.com\\\/@REDDTocantins\",\"https:\\\/\\\/www.instagram.com\\\/semarhtocantins\\\/\"]}]}<\/script>\n<!-- \/ Yoast SEO plugin. -->","yoast_head_json":{"title":"Socio-Environmental Safeguards - REDD Jurisdicional Tocantins","robots":{"index":"index","follow":"follow","max-snippet":"max-snippet:-1","max-image-preview":"max-image-preview:large","max-video-preview":"max-video-preview:-1"},"canonical":"https:\/\/jredd.to.gov.br\/en\/socio-environmental-safeguards\/","og_locale":"en_US","og_type":"article","og_title":"Socio-Environmental Safeguards - REDD Jurisdicional Tocantins","og_description":"Socio-Environmental Safeguards The Cancun Safeguards, also known as socio-environmental safeguards, were established during the 16th Conference of the Parties (COP16) of the United Nations Framework Convention on Climate Change (UNFCCC) in 2010, aiming to ensure that REDD+ activities are implemented by countries in an environmentally sustainable and socially fair manner These safeguards apply to the [&hellip;]","og_url":"https:\/\/jredd.to.gov.br\/en\/socio-environmental-safeguards\/","og_site_name":"REDD Jurisdicional Tocantins","article_modified_time":"2025-07-09T16:57:29+00:00","og_image":[{"width":768,"height":238,"url":"https:\/\/jredd.to.gov.br\/wp-content\/uploads\/2025\/07\/PIQPCTAF-Photoroom-1.png","type":"image\/png"}],"twitter_card":"summary_large_image","twitter_misc":{"Est. reading time":"9 minutes"},"schema":{"@context":"https:\/\/schema.org","@graph":[{"@type":"WebPage","@id":"https:\/\/jredd.to.gov.br\/en\/socio-environmental-safeguards\/","url":"https:\/\/jredd.to.gov.br\/en\/socio-environmental-safeguards\/","name":"Socio-Environmental Safeguards - REDD Jurisdicional Tocantins","isPartOf":{"@id":"https:\/\/jredd.to.gov.br\/en\/#website"},"primaryImageOfPage":{"@id":"https:\/\/jredd.to.gov.br\/en\/socio-environmental-safeguards\/#primaryimage"},"image":{"@id":"https:\/\/jredd.to.gov.br\/en\/socio-environmental-safeguards\/#primaryimage"},"thumbnailUrl":"https:\/\/jredd.to.gov.br\/wp-content\/uploads\/2025\/07\/PIQPCTAF-Photoroom-1.png","datePublished":"2025-03-26T22:24:52+00:00","dateModified":"2025-07-09T16:57:29+00:00","breadcrumb":{"@id":"https:\/\/jredd.to.gov.br\/en\/socio-environmental-safeguards\/#breadcrumb"},"inLanguage":"en-US","potentialAction":[{"@type":"ReadAction","target":["https:\/\/jredd.to.gov.br\/en\/socio-environmental-safeguards\/"]}]},{"@type":"ImageObject","inLanguage":"en-US","@id":"https:\/\/jredd.to.gov.br\/en\/socio-environmental-safeguards\/#primaryimage","url":"https:\/\/jredd.to.gov.br\/wp-content\/uploads\/2025\/07\/PIQPCTAF-Photoroom-1.png","contentUrl":"https:\/\/jredd.to.gov.br\/wp-content\/uploads\/2025\/07\/PIQPCTAF-Photoroom-1.png"},{"@type":"BreadcrumbList","@id":"https:\/\/jredd.to.gov.br\/en\/socio-environmental-safeguards\/#breadcrumb","itemListElement":[{"@type":"ListItem","position":1,"name":"In\u00edcio","item":"https:\/\/jredd.to.gov.br\/en\/"},{"@type":"ListItem","position":2,"name":"Socio-Environmental Safeguards"}]},{"@type":"WebSite","@id":"https:\/\/jredd.to.gov.br\/en\/#website","url":"https:\/\/jredd.to.gov.br\/en\/","name":"REDD+ Jurisdicional Tocantins","description":"","publisher":{"@id":"https:\/\/jredd.to.gov.br\/en\/#organization"},"potentialAction":[{"@type":"SearchAction","target":{"@type":"EntryPoint","urlTemplate":"https:\/\/jredd.to.gov.br\/en\/?s={search_term_string}"},"query-input":{"@type":"PropertyValueSpecification","valueRequired":true,"valueName":"search_term_string"}}],"inLanguage":"en-US"},{"@type":"Organization","@id":"https:\/\/jredd.to.gov.br\/en\/#organization","name":"REDD Jurisdicional Tocantins","url":"https:\/\/jredd.to.gov.br\/en\/","logo":{"@type":"ImageObject","inLanguage":"en-US","@id":"https:\/\/jredd.to.gov.br\/en\/#\/schema\/logo\/image\/","url":"https:\/\/jredd.to.gov.br\/wp-content\/uploads\/2023\/11\/cropped-cropped-Asset-5REDD-LOGO-e1701270549508.png","contentUrl":"https:\/\/jredd.to.gov.br\/wp-content\/uploads\/2023\/11\/cropped-cropped-Asset-5REDD-LOGO-e1701270549508.png","width":500,"height":188,"caption":"REDD Jurisdicional Tocantins"},"image":{"@id":"https:\/\/jredd.to.gov.br\/en\/#\/schema\/logo\/image\/"},"sameAs":["https:\/\/www.instagram.com\/reddmaistocantins\/","https:\/\/www.youtube.com\/@REDDTocantins","https:\/\/www.instagram.com\/semarhtocantins\/"]}]}},"rttpg_featured_image_url":null,"rttpg_author":{"display_name":"Marcos Giongo","author_link":"https:\/\/jredd.to.gov.br\/en\/author\/mgiongo\/"},"rttpg_comment":0,"rttpg_category":false,"rttpg_excerpt":"Socio-Environmental Safeguards The Cancun Safeguards, also known as socio-environmental safeguards, were established during the 16th Conference of the Parties (COP16) of the United Nations Framework Convention on Climate Change (UNFCCC) in 2010, aiming to ensure that REDD+ activities are implemented by countries in an environmentally sustainable and socially fair manner These safeguards apply to the&hellip;","_links":{"self":[{"href":"https:\/\/jredd.to.gov.br\/en\/wp-json\/wp\/v2\/pages\/7659","targetHints":{"allow":["GET"]}}],"collection":[{"href":"https:\/\/jredd.to.gov.br\/en\/wp-json\/wp\/v2\/pages"}],"about":[{"href":"https:\/\/jredd.to.gov.br\/en\/wp-json\/wp\/v2\/types\/page"}],"author":[{"embeddable":true,"href":"https:\/\/jredd.to.gov.br\/en\/wp-json\/wp\/v2\/users\/7"}],"replies":[{"embeddable":true,"href":"https:\/\/jredd.to.gov.br\/en\/wp-json\/wp\/v2\/comments?post=7659"}],"version-history":[{"count":42,"href":"https:\/\/jredd.to.gov.br\/en\/wp-json\/wp\/v2\/pages\/7659\/revisions"}],"predecessor-version":[{"id":8939,"href":"https:\/\/jredd.to.gov.br\/en\/wp-json\/wp\/v2\/pages\/7659\/revisions\/8939"}],"wp:attachment":[{"href":"https:\/\/jredd.to.gov.br\/en\/wp-json\/wp\/v2\/media?parent=7659"}],"curies":[{"name":"wp","href":"https:\/\/api.w.org\/{rel}","templated":true}]}}